{"id":1198,"date":"2026-02-07T10:25:35","date_gmt":"2026-02-07T15:25:35","guid":{"rendered":"https:\/\/damenterre.qc.ca\/infos-pratiques\/"},"modified":"2026-03-29T22:18:00","modified_gmt":"2026-03-30T02:18:00","slug":"practical-information","status":"publish","type":"page","link":"https:\/\/damenterre.qc.ca\/en\/practical-information\/","title":{"rendered":"Practical Information"},"content":{"rendered":"\n<section id=\"block_52d3adfb65c98ea379c7375a998612c4\" class=\"section section--banner palette-default lws-animate-section no-padding\">\n  <div class=\"block block-banner lws-radius\">\n\n    <div class=\"hero background-image\">\n\n              <div class=\"hero-background\">\n\n          <picture>\n            <source media=\"(min-width:1536px)\" srcset=\"https:\/\/damenterre.qc.ca\/wp-content\/uploads\/2026\/03\/can-250822-alma-velo-0050-e1772492135520-2048x936.webp\">\n            <source media=\"(min-width:1024px)\" srcset=\"https:\/\/damenterre.qc.ca\/wp-content\/uploads\/2026\/03\/can-250822-alma-velo-0050-e1772492135520-1536x702.webp\">\n            <source media=\"(min-width:768px)\" srcset=\"https:\/\/damenterre.qc.ca\/wp-content\/uploads\/2026\/03\/can-250822-alma-velo-0050-e1772492135520-1024x468.webp\">\n            <img decoding=\"async\" src=\"https:\/\/damenterre.qc.ca\/wp-content\/uploads\/2026\/03\/can-250822-alma-velo-0050-e1772492135520-768x351.webp\">\n          <\/picture>\n\n        <\/div>\n      \n      \n      <div class=\"container large\">\n        <div class=\"hero-body palette-dark\">\n\n                      <div class=\"title-holder lws-fade-item\">\n                              <h1>Infos pratiques<\/h1>\n                          <\/div>\n          \n          \n          \n        <\/div>\n      <\/div>\n\n    <\/div>\n\n  <\/div>\n<\/section>\n\n\r\n  <section id=\"block_94dd7619c507c14a86a5354469f666c1\" class=\"section section--separator palette-default lws-animate-section no-padding\">\r\n\r\n    <div class=\"block block-separator\">\r\n      \r\n<div class=\"marquee type-grey\">\r\n\r\n  <div class=\"marquee__group\">\r\n    <img decoding=\"async\" src=\"https:\/\/damenterre.qc.ca\/wp-content\/themes\/la_web_shop\/blocks\/separator\/assets\/separator-grey.png\" alt=\"\">\r\n    <img decoding=\"async\" src=\"https:\/\/damenterre.qc.ca\/wp-content\/themes\/la_web_shop\/blocks\/separator\/assets\/separator-grey.png\" alt=\"\">\r\n  <\/div>\r\n\r\n  <div aria-hidden=\"true\" class=\"marquee__group\">\r\n    <img decoding=\"async\" src=\"https:\/\/damenterre.qc.ca\/wp-content\/themes\/la_web_shop\/blocks\/separator\/assets\/separator-grey.png\" alt=\"\">\r\n    <img decoding=\"async\" src=\"https:\/\/damenterre.qc.ca\/wp-content\/themes\/la_web_shop\/blocks\/separator\/assets\/separator-grey.png\" alt=\"\">\r\n  <\/div>\r\n\r\n<\/div>    <\/div>\r\n\r\n  <\/section>\r\n\n\n\r\n  <section id=\"block_58b3e83f39f381c6df91bca694a79b50\" class=\"section section--text palette-default lws-animate-section\">\r\n\r\n    <div class=\"block block-text\">\r\n      \r\n<div class=\"container\">\r\n  <div class=\"content-holder content-align-left\">\r\n\r\n    \r\n          <h2 class=\"style-font-66 mb-10 lws-fade-item\">Tout ce qu\u2019il faut savoir pour un s\u00e9jour sans souci \u00e0 la Dam-en-Terre<\/h2>\r\n    \r\n    <div class=\"content-text lws-fade-item\">\r\n      <p>Pour profiter pleinement de votre passage \u00e0 la Dam-en-Terre, nous avons rassembl\u00e9 ici les informations utiles pour bien planifier votre s\u00e9jour. Situ\u00e9 en pleine nature, tout en restant \u00e0 proximit\u00e9 du centre-ville d\u2019Alma, le site offre un cadre simple, s\u00e9curitaire et accueillant, id\u00e9al pour les familles, les couples et les groupes.<\/p>\n<p>Que ce soit pour votre arriv\u00e9e, vos d\u00e9placements, les services sur place ou les activit\u00e9s, tout est pens\u00e9 pour vous permettre de relaxer et profiter, sans complications.<\/p>\n    <\/div>\r\n\r\n    \r\n  <\/div>\r\n<\/div>    <\/div>\r\n\r\n  <\/section>\r\n\n\n\r\n  <section id=\"block_2c2c429454051ff2845173c6983bc3b8\" class=\"section section--gallery-slider palette-default lws-animate-section no-padding\">\r\n\r\n    <div class=\"block block-gallery-slider\">\r\n      \r\n  <div class=\"swiper lws-fade-item\">\r\n\r\n    <div class=\"swiper-wrapper\">\r\n\r\n              <div class=\"swiper-slide lws-radius\">\r\n\r\n          <a href=\"https:\/\/damenterre.qc.ca\/wp-content\/uploads\/2026\/03\/can-250822-alma-velo-0260.webp\" class=\"zoom-animation\" data-fancybox=\"galerie\">\r\n            <div class=\"zoom\">\r\n              <svg xmlns=\"http:\/\/www.w3.org\/2000\/svg\" width=\"19\" height=\"19\" viewBox=\"0 0 19 19\" fill=\"none\">\r\n                <path d=\"M18.7442 17.0942L14.8542 13.2042C15.936 11.7813 16.515 10.0396 16.5002 8.25217C16.5071 7.16691 16.2985 6.09107 15.8865 5.08704C15.4745 4.08301 14.8672 3.17075 14.1 2.40315C13.3328 1.63556 12.4208 1.0279 11.417 0.615407C10.4132 0.202913 9.33743 -0.00620885 8.25217 0.000165948C7.16657 -0.00674043 6.09041 0.201989 5.08611 0.614245C4.08181 1.0265 3.16937 1.63408 2.40172 2.40172C1.63408 3.16937 1.0265 4.08181 0.614245 5.08611C0.201989 6.09041 -0.00674043 7.16657 0.000165948 8.25217C-0.00620885 9.33743 0.202913 10.4132 0.615407 11.417C1.0279 12.4208 1.63556 13.3328 2.40315 14.1C3.17075 14.8672 4.08301 15.4745 5.08704 15.8865C6.09107 16.2985 7.16691 16.5071 8.25217 16.5002C10.0397 16.5136 11.7811 15.9333 13.2032 14.8502L17.0932 18.7402L18.7442 17.0942ZM2.35817 8.25217C2.35055 7.47604 2.4978 6.70618 2.7913 5.98765C3.08481 5.26912 3.51867 4.61633 4.0675 4.0675C4.61633 3.51867 5.26912 3.08481 5.98765 2.7913C6.70618 2.4978 7.47604 2.35055 8.25217 2.35817C9.02829 2.35055 9.79815 2.4978 10.5167 2.7913C11.2352 3.08481 11.888 3.51867 12.4368 4.0675C12.9857 4.61633 13.4195 5.26912 13.713 5.98765C14.0065 6.70618 14.1538 7.47604 14.1462 8.25217C14.1538 9.02829 14.0065 9.79815 13.713 10.5167C13.4195 11.2352 12.9857 11.888 12.4368 12.4368C11.888 12.9857 11.2352 13.4195 10.5167 13.713C9.79815 14.0065 9.02829 14.1538 8.25217 14.1462C7.47604 14.1538 6.70618 14.0065 5.98765 13.713C5.26912 13.4195 4.61633 12.9857 4.0675 12.4368C3.51867 11.888 3.08481 11.2352 2.7913 10.5167C2.4978 9.79815 2.35055 9.02829 2.35817 8.25217Z\" fill=\"black\"\/>\r\n              <\/svg>\r\n            <\/div>\r\n            <picture class=\"\"><source media=\"(min-width:1536px)\" srcset=\"https:\/\/damenterre.qc.ca\/wp-content\/uploads\/2026\/03\/can-250822-alma-velo-0260-1366x2048.webp\"><source media=\"(min-width:1024px)\" srcset=\"https:\/\/damenterre.qc.ca\/wp-content\/uploads\/2026\/03\/can-250822-alma-velo-0260-1024x1536.webp\"><source media=\"(min-width:768px)\" srcset=\"https:\/\/damenterre.qc.ca\/wp-content\/uploads\/2026\/03\/can-250822-alma-velo-0260-683x1024.webp\"><img decoding=\"async\" src=\"https:\/\/damenterre.qc.ca\/wp-content\/uploads\/2026\/03\/can-250822-alma-velo-0260-768x1152.webp\" alt=\"CAN_250822_alma velo_0260\"><\/picture>          <\/a>\r\n\r\n        <\/div>\r\n              <div class=\"swiper-slide lws-radius\">\r\n\r\n          <a href=\"https:\/\/damenterre.qc.ca\/wp-content\/uploads\/2026\/03\/can-250822-alma-velo-0234.webp\" class=\"zoom-animation\" data-fancybox=\"galerie\">\r\n            <div class=\"zoom\">\r\n              <svg xmlns=\"http:\/\/www.w3.org\/2000\/svg\" width=\"19\" height=\"19\" viewBox=\"0 0 19 19\" fill=\"none\">\r\n                <path d=\"M18.7442 17.0942L14.8542 13.2042C15.936 11.7813 16.515 10.0396 16.5002 8.25217C16.5071 7.16691 16.2985 6.09107 15.8865 5.08704C15.4745 4.08301 14.8672 3.17075 14.1 2.40315C13.3328 1.63556 12.4208 1.0279 11.417 0.615407C10.4132 0.202913 9.33743 -0.00620885 8.25217 0.000165948C7.16657 -0.00674043 6.09041 0.201989 5.08611 0.614245C4.08181 1.0265 3.16937 1.63408 2.40172 2.40172C1.63408 3.16937 1.0265 4.08181 0.614245 5.08611C0.201989 6.09041 -0.00674043 7.16657 0.000165948 8.25217C-0.00620885 9.33743 0.202913 10.4132 0.615407 11.417C1.0279 12.4208 1.63556 13.3328 2.40315 14.1C3.17075 14.8672 4.08301 15.4745 5.08704 15.8865C6.09107 16.2985 7.16691 16.5071 8.25217 16.5002C10.0397 16.5136 11.7811 15.9333 13.2032 14.8502L17.0932 18.7402L18.7442 17.0942ZM2.35817 8.25217C2.35055 7.47604 2.4978 6.70618 2.7913 5.98765C3.08481 5.26912 3.51867 4.61633 4.0675 4.0675C4.61633 3.51867 5.26912 3.08481 5.98765 2.7913C6.70618 2.4978 7.47604 2.35055 8.25217 2.35817C9.02829 2.35055 9.79815 2.4978 10.5167 2.7913C11.2352 3.08481 11.888 3.51867 12.4368 4.0675C12.9857 4.61633 13.4195 5.26912 13.713 5.98765C14.0065 6.70618 14.1538 7.47604 14.1462 8.25217C14.1538 9.02829 14.0065 9.79815 13.713 10.5167C13.4195 11.2352 12.9857 11.888 12.4368 12.4368C11.888 12.9857 11.2352 13.4195 10.5167 13.713C9.79815 14.0065 9.02829 14.1538 8.25217 14.1462C7.47604 14.1538 6.70618 14.0065 5.98765 13.713C5.26912 13.4195 4.61633 12.9857 4.0675 12.4368C3.51867 11.888 3.08481 11.2352 2.7913 10.5167C2.4978 9.79815 2.35055 9.02829 2.35817 8.25217Z\" fill=\"black\"\/>\r\n              <\/svg>\r\n            <\/div>\r\n            <picture class=\"\"><source media=\"(min-width:1536px)\" srcset=\"https:\/\/damenterre.qc.ca\/wp-content\/uploads\/2026\/03\/can-250822-alma-velo-0234-2048x1366.webp\"><source media=\"(min-width:1024px)\" srcset=\"https:\/\/damenterre.qc.ca\/wp-content\/uploads\/2026\/03\/can-250822-alma-velo-0234-1536x1024.webp\"><source media=\"(min-width:768px)\" srcset=\"https:\/\/damenterre.qc.ca\/wp-content\/uploads\/2026\/03\/can-250822-alma-velo-0234-1024x683.webp\"><img decoding=\"async\" src=\"https:\/\/damenterre.qc.ca\/wp-content\/uploads\/2026\/03\/can-250822-alma-velo-0234-768x512.webp\" alt=\"CAN_250822_alma velo_0234\"><\/picture>          <\/a>\r\n\r\n        <\/div>\r\n              <div class=\"swiper-slide lws-radius\">\r\n\r\n          <a href=\"https:\/\/damenterre.qc.ca\/wp-content\/uploads\/2026\/03\/centre-villegiature-dam-en-terre-2025-25.webp\" class=\"zoom-animation\" data-fancybox=\"galerie\">\r\n            <div class=\"zoom\">\r\n              <svg xmlns=\"http:\/\/www.w3.org\/2000\/svg\" width=\"19\" height=\"19\" viewBox=\"0 0 19 19\" fill=\"none\">\r\n                <path d=\"M18.7442 17.0942L14.8542 13.2042C15.936 11.7813 16.515 10.0396 16.5002 8.25217C16.5071 7.16691 16.2985 6.09107 15.8865 5.08704C15.4745 4.08301 14.8672 3.17075 14.1 2.40315C13.3328 1.63556 12.4208 1.0279 11.417 0.615407C10.4132 0.202913 9.33743 -0.00620885 8.25217 0.000165948C7.16657 -0.00674043 6.09041 0.201989 5.08611 0.614245C4.08181 1.0265 3.16937 1.63408 2.40172 2.40172C1.63408 3.16937 1.0265 4.08181 0.614245 5.08611C0.201989 6.09041 -0.00674043 7.16657 0.000165948 8.25217C-0.00620885 9.33743 0.202913 10.4132 0.615407 11.417C1.0279 12.4208 1.63556 13.3328 2.40315 14.1C3.17075 14.8672 4.08301 15.4745 5.08704 15.8865C6.09107 16.2985 7.16691 16.5071 8.25217 16.5002C10.0397 16.5136 11.7811 15.9333 13.2032 14.8502L17.0932 18.7402L18.7442 17.0942ZM2.35817 8.25217C2.35055 7.47604 2.4978 6.70618 2.7913 5.98765C3.08481 5.26912 3.51867 4.61633 4.0675 4.0675C4.61633 3.51867 5.26912 3.08481 5.98765 2.7913C6.70618 2.4978 7.47604 2.35055 8.25217 2.35817C9.02829 2.35055 9.79815 2.4978 10.5167 2.7913C11.2352 3.08481 11.888 3.51867 12.4368 4.0675C12.9857 4.61633 13.4195 5.26912 13.713 5.98765C14.0065 6.70618 14.1538 7.47604 14.1462 8.25217C14.1538 9.02829 14.0065 9.79815 13.713 10.5167C13.4195 11.2352 12.9857 11.888 12.4368 12.4368C11.888 12.9857 11.2352 13.4195 10.5167 13.713C9.79815 14.0065 9.02829 14.1538 8.25217 14.1462C7.47604 14.1538 6.70618 14.0065 5.98765 13.713C5.26912 13.4195 4.61633 12.9857 4.0675 12.4368C3.51867 11.888 3.08481 11.2352 2.7913 10.5167C2.4978 9.79815 2.35055 9.02829 2.35817 8.25217Z\" fill=\"black\"\/>\r\n              <\/svg>\r\n            <\/div>\r\n            <picture class=\"\"><source media=\"(min-width:1536px)\" srcset=\"https:\/\/damenterre.qc.ca\/wp-content\/uploads\/2026\/03\/centre-villegiature-dam-en-terre-2025-25-2048x1366.webp\"><source media=\"(min-width:1024px)\" srcset=\"https:\/\/damenterre.qc.ca\/wp-content\/uploads\/2026\/03\/centre-villegiature-dam-en-terre-2025-25-1536x1024.webp\"><source media=\"(min-width:768px)\" srcset=\"https:\/\/damenterre.qc.ca\/wp-content\/uploads\/2026\/03\/centre-villegiature-dam-en-terre-2025-25-1024x683.webp\"><img decoding=\"async\" src=\"https:\/\/damenterre.qc.ca\/wp-content\/uploads\/2026\/03\/centre-villegiature-dam-en-terre-2025-25-768x512.webp\" alt=\"Centre_vill\u00e9giature_Dam_en_Terre_2025 (25)\"><\/picture>          <\/a>\r\n\r\n        <\/div>\r\n              <div class=\"swiper-slide lws-radius\">\r\n\r\n          <a href=\"https:\/\/damenterre.qc.ca\/wp-content\/uploads\/2026\/03\/camping.webp\" class=\"zoom-animation\" data-fancybox=\"galerie\">\r\n            <div class=\"zoom\">\r\n              <svg xmlns=\"http:\/\/www.w3.org\/2000\/svg\" width=\"19\" height=\"19\" viewBox=\"0 0 19 19\" fill=\"none\">\r\n                <path d=\"M18.7442 17.0942L14.8542 13.2042C15.936 11.7813 16.515 10.0396 16.5002 8.25217C16.5071 7.16691 16.2985 6.09107 15.8865 5.08704C15.4745 4.08301 14.8672 3.17075 14.1 2.40315C13.3328 1.63556 12.4208 1.0279 11.417 0.615407C10.4132 0.202913 9.33743 -0.00620885 8.25217 0.000165948C7.16657 -0.00674043 6.09041 0.201989 5.08611 0.614245C4.08181 1.0265 3.16937 1.63408 2.40172 2.40172C1.63408 3.16937 1.0265 4.08181 0.614245 5.08611C0.201989 6.09041 -0.00674043 7.16657 0.000165948 8.25217C-0.00620885 9.33743 0.202913 10.4132 0.615407 11.417C1.0279 12.4208 1.63556 13.3328 2.40315 14.1C3.17075 14.8672 4.08301 15.4745 5.08704 15.8865C6.09107 16.2985 7.16691 16.5071 8.25217 16.5002C10.0397 16.5136 11.7811 15.9333 13.2032 14.8502L17.0932 18.7402L18.7442 17.0942ZM2.35817 8.25217C2.35055 7.47604 2.4978 6.70618 2.7913 5.98765C3.08481 5.26912 3.51867 4.61633 4.0675 4.0675C4.61633 3.51867 5.26912 3.08481 5.98765 2.7913C6.70618 2.4978 7.47604 2.35055 8.25217 2.35817C9.02829 2.35055 9.79815 2.4978 10.5167 2.7913C11.2352 3.08481 11.888 3.51867 12.4368 4.0675C12.9857 4.61633 13.4195 5.26912 13.713 5.98765C14.0065 6.70618 14.1538 7.47604 14.1462 8.25217C14.1538 9.02829 14.0065 9.79815 13.713 10.5167C13.4195 11.2352 12.9857 11.888 12.4368 12.4368C11.888 12.9857 11.2352 13.4195 10.5167 13.713C9.79815 14.0065 9.02829 14.1538 8.25217 14.1462C7.47604 14.1538 6.70618 14.0065 5.98765 13.713C5.26912 13.4195 4.61633 12.9857 4.0675 12.4368C3.51867 11.888 3.08481 11.2352 2.7913 10.5167C2.4978 9.79815 2.35055 9.02829 2.35817 8.25217Z\" fill=\"black\"\/>\r\n              <\/svg>\r\n            <\/div>\r\n            <picture class=\"\"><source media=\"(min-width:1536px)\" srcset=\"https:\/\/damenterre.qc.ca\/wp-content\/uploads\/2026\/03\/camping-2048x1360.webp\"><source media=\"(min-width:1024px)\" srcset=\"https:\/\/damenterre.qc.ca\/wp-content\/uploads\/2026\/03\/camping-1536x1020.webp\"><source media=\"(min-width:768px)\" srcset=\"https:\/\/damenterre.qc.ca\/wp-content\/uploads\/2026\/03\/camping-1024x680.webp\"><img decoding=\"async\" src=\"https:\/\/damenterre.qc.ca\/wp-content\/uploads\/2026\/03\/camping-768x510.webp\" alt=\"Camping\"><\/picture>          <\/a>\r\n\r\n        <\/div>\r\n              <div class=\"swiper-slide lws-radius\">\r\n\r\n          <a href=\"https:\/\/damenterre.qc.ca\/wp-content\/uploads\/2026\/03\/veloroute.webp\" class=\"zoom-animation\" data-fancybox=\"galerie\">\r\n            <div class=\"zoom\">\r\n              <svg xmlns=\"http:\/\/www.w3.org\/2000\/svg\" width=\"19\" height=\"19\" viewBox=\"0 0 19 19\" fill=\"none\">\r\n                <path d=\"M18.7442 17.0942L14.8542 13.2042C15.936 11.7813 16.515 10.0396 16.5002 8.25217C16.5071 7.16691 16.2985 6.09107 15.8865 5.08704C15.4745 4.08301 14.8672 3.17075 14.1 2.40315C13.3328 1.63556 12.4208 1.0279 11.417 0.615407C10.4132 0.202913 9.33743 -0.00620885 8.25217 0.000165948C7.16657 -0.00674043 6.09041 0.201989 5.08611 0.614245C4.08181 1.0265 3.16937 1.63408 2.40172 2.40172C1.63408 3.16937 1.0265 4.08181 0.614245 5.08611C0.201989 6.09041 -0.00674043 7.16657 0.000165948 8.25217C-0.00620885 9.33743 0.202913 10.4132 0.615407 11.417C1.0279 12.4208 1.63556 13.3328 2.40315 14.1C3.17075 14.8672 4.08301 15.4745 5.08704 15.8865C6.09107 16.2985 7.16691 16.5071 8.25217 16.5002C10.0397 16.5136 11.7811 15.9333 13.2032 14.8502L17.0932 18.7402L18.7442 17.0942ZM2.35817 8.25217C2.35055 7.47604 2.4978 6.70618 2.7913 5.98765C3.08481 5.26912 3.51867 4.61633 4.0675 4.0675C4.61633 3.51867 5.26912 3.08481 5.98765 2.7913C6.70618 2.4978 7.47604 2.35055 8.25217 2.35817C9.02829 2.35055 9.79815 2.4978 10.5167 2.7913C11.2352 3.08481 11.888 3.51867 12.4368 4.0675C12.9857 4.61633 13.4195 5.26912 13.713 5.98765C14.0065 6.70618 14.1538 7.47604 14.1462 8.25217C14.1538 9.02829 14.0065 9.79815 13.713 10.5167C13.4195 11.2352 12.9857 11.888 12.4368 12.4368C11.888 12.9857 11.2352 13.4195 10.5167 13.713C9.79815 14.0065 9.02829 14.1538 8.25217 14.1462C7.47604 14.1538 6.70618 14.0065 5.98765 13.713C5.26912 13.4195 4.61633 12.9857 4.0675 12.4368C3.51867 11.888 3.08481 11.2352 2.7913 10.5167C2.4978 9.79815 2.35055 9.02829 2.35817 8.25217Z\" fill=\"black\"\/>\r\n              <\/svg>\r\n            <\/div>\r\n            <picture class=\"\"><source media=\"(min-width:1536px)\" srcset=\"https:\/\/damenterre.qc.ca\/wp-content\/uploads\/2026\/03\/veloroute-2048x1360.webp\"><source media=\"(min-width:1024px)\" srcset=\"https:\/\/damenterre.qc.ca\/wp-content\/uploads\/2026\/03\/veloroute-1536x1020.webp\"><source media=\"(min-width:768px)\" srcset=\"https:\/\/damenterre.qc.ca\/wp-content\/uploads\/2026\/03\/veloroute-1024x680.webp\"><img decoding=\"async\" src=\"https:\/\/damenterre.qc.ca\/wp-content\/uploads\/2026\/03\/veloroute-768x510.webp\" alt=\"V\u00e9loroute\"><\/picture>          <\/a>\r\n\r\n        <\/div>\r\n      \r\n    <\/div>\r\n\r\n    <div class=\"swiper-button-prev\">\r\n      <svg xmlns=\"http:\/\/www.w3.org\/2000\/svg\" width=\"19\" height=\"17\" viewBox=\"0 0 19 17\" fill=\"none\">\r\n        <path class=\"first-el\" d=\"M7.45924 16.175C7.89683 16.6126 8.60632 16.6126 9.04391 16.175C9.48151 15.7374 9.48151 15.028 9.04391 14.5904L3.82562 9.37207L16.9673 9.37207C17.5862 9.37207 18.0877 8.87051 18.0877 8.25165C18.0877 7.6328 17.5862 7.13124 16.9673 7.13124L3.82562 7.13124L9.04391 1.91295C9.48151 1.47535 9.48151 0.765866 9.04391 0.328269C8.60632 -0.109327 7.89683 -0.109327 7.45924 0.328269L0.328191 7.45931C-0.109405 7.89691 -0.109405 8.6064 0.328191 9.04399L7.45924 16.175Z\" fill=\"black\"\/>\r\n        <path class=\"second-el\" d=\"M7.45924 16.175C7.89683 16.6126 8.60632 16.6126 9.04391 16.175C9.48151 15.7374 9.48151 15.028 9.04391 14.5904L3.82562 9.37207L16.9673 9.37207C17.5862 9.37207 18.0877 8.87051 18.0877 8.25165C18.0877 7.6328 17.5862 7.13124 16.9673 7.13124L3.82562 7.13124L9.04391 1.91295C9.48151 1.47535 9.48151 0.765866 9.04391 0.328269C8.60632 -0.109327 7.89683 -0.109327 7.45924 0.328269L0.328191 7.45931C-0.109405 7.89691 -0.109405 8.6064 0.328191 9.04399L7.45924 16.175Z\" fill=\"black\"\/>\r\n      <\/svg>\r\n    <\/div>\r\n\r\n    <div class=\"swiper-button-next\">\r\n      <svg xmlns=\"http:\/\/www.w3.org\/2000\/svg\" width=\"22\" height=\"21\" viewBox=\"0 0 22 21\" fill=\"none\">\r\n        <path class=\"first-el\" d=\"M12.9325 19.6814C12.4001 20.2138 11.5368 20.2138 11.0043 19.6814C10.4719 19.1489 10.4719 18.2856 11.0043 17.7532L17.3538 11.4036L1.3633 11.4036C0.610293 11.4036 3.62769e-06 10.7934 4.00701e-06 10.0403C3.72252e-06 9.28733 0.610293 8.67704 1.3633 8.67704L17.3538 8.67704L11.0043 2.32753C10.4719 1.79507 10.4719 0.931781 11.0043 0.399322C11.5368 -0.133137 12.4001 -0.133137 12.9325 0.399322L21.6094 9.07624C22.1419 9.6087 22.1419 10.472 21.6094 11.0044L12.9325 19.6814Z\" fill=\"black\"\/>\r\n        <path class=\"second-el\" d=\"M12.9325 19.6814C12.4001 20.2138 11.5368 20.2138 11.0043 19.6814C10.4719 19.1489 10.4719 18.2856 11.0043 17.7532L17.3538 11.4036L1.3633 11.4036C0.610293 11.4036 3.62769e-06 10.7934 4.00701e-06 10.0403C3.72252e-06 9.28733 0.610293 8.67704 1.3633 8.67704L17.3538 8.67704L11.0043 2.32753C10.4719 1.79507 10.4719 0.931781 11.0043 0.399322C11.5368 -0.133137 12.4001 -0.133137 12.9325 0.399322L21.6094 9.07624C22.1419 9.6087 22.1419 10.472 21.6094 11.0044L12.9325 19.6814Z\" fill=\"black\"\/>\r\n      <\/svg>\r\n    <\/div>\r\n\r\n  <\/div>\r\n\r\n    <\/div>\r\n\r\n  <\/section>\r\n\n\n\r\n  <section id=\"block_fcc478bf08e450e917aaf2e7ff974591\" class=\"section section--content-image palette-default lws-animate-section\">\r\n\r\n    <div class=\"block block-content-image\">\r\n      \r\n<div class=\"container\">\r\n  <div class=\"columns-holder\">\r\n\r\n    <div class=\"col-content\">\r\n      <div class=\"inner\">\r\n\r\n                  <h2 class=\"mb-8 lws-fade-item\">Se rendre \u00e0 la Dam-en-Terre<\/h2>\r\n        \r\n                  <div class=\"content-text lws-fade-item\">\r\n            <p>Facilement accessible en voiture, \u00e0 v\u00e9lo ou \u00e0 pied, Dam-en-Terre se trouve \u00e0 quelques minutes du centre-ville d\u2019Alma. Sa localisation permet de profiter du calme de la nature tout en restant pr\u00e8s des commerces, restaurants et attraits de la ville.<\/p>\n<p>Des stationnements sont disponibles sur le site, incluant des options adapt\u00e9es aux cyclistes, aux remorques et aux visiteurs de la marina.<\/p>\n          <\/div>\r\n        \r\n        \r\n      <\/div>\r\n    <\/div>\r\n\r\n    <div class=\"col-image\">\r\n\r\n      <figure>\r\n        <div class=\"custom-ratio ratio-auto lws-radius lws-fade-item\">\r\n          <picture class=\"\"><source media=\"(min-width:1536px)\" srcset=\"https:\/\/damenterre.qc.ca\/wp-content\/uploads\/2026\/03\/centre-villegiature-dam-en-terre-2025-19-2048x1366.webp\"><source media=\"(min-width:1024px)\" srcset=\"https:\/\/damenterre.qc.ca\/wp-content\/uploads\/2026\/03\/centre-villegiature-dam-en-terre-2025-19-1536x1024.webp\"><source media=\"(min-width:768px)\" srcset=\"https:\/\/damenterre.qc.ca\/wp-content\/uploads\/2026\/03\/centre-villegiature-dam-en-terre-2025-19-1024x683.webp\"><img decoding=\"async\" src=\"https:\/\/damenterre.qc.ca\/wp-content\/uploads\/2026\/03\/centre-villegiature-dam-en-terre-2025-19-768x512.webp\" alt=\"Centre_vill\u00e9giature_Dam_en_Terre_2025 (19)\"><\/picture>        <\/div>\r\n              <\/figure>\r\n\r\n    <\/div>\r\n\r\n  <\/div>\r\n<\/div>\r\n    <\/div>\r\n\r\n  <\/section>\r\n\n\n\r\n  <section id=\"block_8e96b9e973af4f1373edd890ddc46e9d\" class=\"section section--content-image palette-default lws-animate-section\">\r\n\r\n    <div class=\"block block-content-image\">\r\n      \r\n<div class=\"container\">\r\n  <div class=\"columns-holder revere\">\r\n\r\n    <div class=\"col-content\">\r\n      <div class=\"inner\">\r\n\r\n                  <h2 class=\"mb-8 lws-fade-item\">Heures importantes<\/h2>\r\n        \r\n                  <div class=\"content-text lws-fade-item\">\r\n            <p>Les heures d\u2019arriv\u00e9e et de d\u00e9part peuvent varier selon le type d\u2019h\u00e9bergement ou d\u2019activit\u00e9. Nous vous invitons \u00e0 consulter la page de votre h\u00e9bergement ou \u00e0 communiquer avec notre \u00e9quipe pour toute question li\u00e9e \u00e0 votre horaire.<\/p>\n<p>La r\u00e9ception est ouverte 7 jours sur 7, afin de vous accompagner tout au long de votre s\u00e9jour.<\/p>\n          <\/div>\r\n        \r\n        \r\n      <\/div>\r\n    <\/div>\r\n\r\n    <div class=\"col-image\">\r\n\r\n      <figure>\r\n        <div class=\"custom-ratio ratio-auto lws-radius lws-fade-item\">\r\n          <picture class=\"\"><source media=\"(min-width:1536px)\" srcset=\"https:\/\/damenterre.qc.ca\/wp-content\/uploads\/2026\/03\/centre-villegiature-dam-en-terre-2025-31-2048x1366.webp\"><source media=\"(min-width:1024px)\" srcset=\"https:\/\/damenterre.qc.ca\/wp-content\/uploads\/2026\/03\/centre-villegiature-dam-en-terre-2025-31-1536x1024.webp\"><source media=\"(min-width:768px)\" srcset=\"https:\/\/damenterre.qc.ca\/wp-content\/uploads\/2026\/03\/centre-villegiature-dam-en-terre-2025-31-1024x683.webp\"><img decoding=\"async\" src=\"https:\/\/damenterre.qc.ca\/wp-content\/uploads\/2026\/03\/centre-villegiature-dam-en-terre-2025-31-768x512.webp\" alt=\"Centre_vill\u00e9giature_Dam_en_Terre_2025 (31)\"><\/picture>        <\/div>\r\n              <\/figure>\r\n\r\n    <\/div>\r\n\r\n  <\/div>\r\n<\/div>\r\n    <\/div>\r\n\r\n  <\/section>\r\n\n\n\r\n  <section id=\"block_25268b36c499f966b21e0d46e1b8d550\" class=\"section section--double-content palette-default lws-animate-section\">\r\n\r\n    <div class=\"block block-double-content\">\r\n      \r\n<div class=\"container\">\r\n  <div class=\"content-row align-left col-width-same\">\r\n\r\n    <div class=\"col col-left\">\r\n\r\n              <h2 class=\"mb-8 lws-fade-item\">Services sur place<\/h2>\r\n      \r\n      <div class=\"content-text lws-fade-item\">\r\n        <p>Sur le site, vous trouverez plusieurs services pratiques pour rendre votre s\u00e9jour plus agr\u00e9able :<\/p>\n<ul>\n<li>Restaurant et d\u00e9panneur<\/li>\n<li>Location d\u2019\u00e9quipements selon la saison<\/li>\n<li>Navette maritime pour cyclistes et pi\u00e9tons<\/li>\n<li>Acc\u00e8s aux activit\u00e9s estivales et hivernales<\/li>\n<li>Marina et acc\u00e8s \u00e0 l\u2019eau<\/li>\n<\/ul>\n<p>Tout est \u00e0 proximit\u00e9, pour que vous puissiez profiter pleinement du moment pr\u00e9sent.<\/p>\n      <\/div>\r\n\r\n      \r\n    <\/div>\r\n\r\n    <div class=\"col col-right\">\r\n\r\n              <h2 class=\"mb-8 lws-fade-item\">Activit\u00e9s et plein air<\/h2>\r\n      \r\n      <div class=\"content-text lws-fade-item\">\r\n        <p>\u00c0 la Dam-en-Terre, les activit\u00e9s se vivent au rythme des saisons. Randonn\u00e9e, v\u00e9lo, baignade, patin, raquette ou simplement d\u00e9tente au bord de l\u2019eau : chacun y trouve son compte, dans une ambiance conviviale et s\u00e9curitaire.<\/p>\n<p>Nous vous recommandons de consulter le calendrier des activit\u00e9s pour d\u00e9couvrir les animations et \u00e9v\u00e9nements \u00e0 venir.<\/p>\n      <\/div>\r\n\r\n      \r\n    <\/div>\r\n\r\n  <\/div>\r\n<\/div>    <\/div>\r\n\r\n  <\/section>\r\n\n\n\r\n  <section id=\"block_e91b10143945e706d147d647843d131d\" class=\"section section--image palette-default lws-animate-section\">\r\n\r\n    <div class=\"block block-image\">\r\n      \r\n\r\n<div class=\"container full lws-fade-item\">\r\n      <figure class=\"lws-radius\">\r\n  <div class=\"custom-ratio ratio-auto\">\r\n    <picture class=\"\"><source media=\"(min-width:1536px)\" srcset=\"https:\/\/damenterre.qc.ca\/wp-content\/uploads\/2026\/03\/centre-villegiature-dam-en-terre-2025-28-2048x1366.webp\"><source media=\"(min-width:1024px)\" srcset=\"https:\/\/damenterre.qc.ca\/wp-content\/uploads\/2026\/03\/centre-villegiature-dam-en-terre-2025-28-1536x1024.webp\"><source media=\"(min-width:768px)\" srcset=\"https:\/\/damenterre.qc.ca\/wp-content\/uploads\/2026\/03\/centre-villegiature-dam-en-terre-2025-28-1024x683.webp\"><img decoding=\"async\" src=\"https:\/\/damenterre.qc.ca\/wp-content\/uploads\/2026\/03\/centre-villegiature-dam-en-terre-2025-28-768x512.webp\" alt=\"Centre_vill\u00e9giature_Dam_en_Terre_2025 (28)\"><\/picture>  <\/div>\r\n  <\/figure>\r\n  <\/div>\r\n    <\/div>\r\n\r\n  <\/section>\r\n\n\n\r\n  <section id=\"block_ab4abbacae1801aa3e6eabf80a0d5bd3\" class=\"section section--text palette-default lws-animate-section\">\r\n\r\n    <div class=\"block block-text\">\r\n      \r\n<div class=\"container\">\r\n  <div class=\"content-holder content-align-center\">\r\n\r\n    \r\n          <h2 class=\"style-font-66 mb-10 lws-fade-item\">Besoin d\u2019un coup de main ?<\/h2>\r\n    \r\n    <div class=\"content-text lws-fade-item\">\r\n      <p>Notre \u00e9quipe est toujours disponible pour r\u00e9pondre \u00e0 vos questions et vous guider avant ou pendant votre s\u00e9jour. N\u2019h\u00e9sitez pas \u00e0 nous contacter, nous serons heureux de vous aider.<\/p>\n    <\/div>\r\n\r\n          <div class=\"buttons-holder mt-8 lws-fade-item\">\r\n\r\n        \r\n          <a href='https:\/\/damenterre.qc.ca\/nous-joindre\/' title='Nous \u00e9crire' target='' class='button original'><span>Nous \u00e9crire<\/span><\/a>\r\n        \r\n      <\/div>\r\n    \r\n  <\/div>\r\n<\/div>    <\/div>\r\n\r\n  <\/section>\r\n","protected":false},"excerpt":{"rendered":"","protected":false},"author":1,"featured_media":0,"parent":0,"menu_order":0,"comment_status":"closed","ping_status":"closed","template":"","meta":{"_acf_changed":false,"footnotes":""},"class_list":["post-1198","page","type-page","status-publish","hentry"],"acf":[],"_links":{"self":[{"href":"https:\/\/damenterre.qc.ca\/en\/wp-json\/wp\/v2\/pages\/1198","targetHints":{"allow":["GET"]}}],"collection":[{"href":"https:\/\/damenterre.qc.ca\/en\/wp-json\/wp\/v2\/pages"}],"about":[{"href":"https:\/\/damenterre.qc.ca\/en\/wp-json\/wp\/v2\/types\/page"}],"author":[{"embeddable":true,"href":"https:\/\/damenterre.qc.ca\/en\/wp-json\/wp\/v2\/users\/1"}],"replies":[{"embeddable":true,"href":"https:\/\/damenterre.qc.ca\/en\/wp-json\/wp\/v2\/comments?post=1198"}],"version-history":[{"count":1,"href":"https:\/\/damenterre.qc.ca\/en\/wp-json\/wp\/v2\/pages\/1198\/revisions"}],"predecessor-version":[{"id":1203,"href":"https:\/\/damenterre.qc.ca\/en\/wp-json\/wp\/v2\/pages\/1198\/revisions\/1203"}],"wp:attachment":[{"href":"https:\/\/damenterre.qc.ca\/en\/wp-json\/wp\/v2\/media?parent=1198"}],"curies":[{"name":"wp","href":"https:\/\/api.w.org\/{rel}","templated":true}]}}